{"id":150,"date":"2019-02-25T17:15:35","date_gmt":"2019-02-25T16:15:35","guid":{"rendered":"http:\/\/www.brattiro.net\/NEWS\/?page_id=150"},"modified":"2019-02-25T17:15:41","modified_gmt":"2019-02-25T16:15:41","slug":"articoli","status":"publish","type":"page","link":"https:\/\/www.brattiro.net\/NEWS\/","title":{"rendered":"Articoli"},"content":{"rendered":"<div class=\"pt-cv-wrapper\"><div class=\"pt-cv-view pt-cv-grid pt-cv-colsys\" id=\"pt-cv-view-7b14e24mkc\"><div data-id=\"pt-cv-page-1\" class=\"pt-cv-page\" data-cvc=\"2\"><div class=\"col-md-6 col-sm-6 col-xs-12 pt-cv-content-item pt-cv-1-col\" ><div class='pt-cv-ifield'><a href=\"https:\/\/www.brattiro.net\/NEWS\/2026\/08\/27\/tre-serate-per-la-festa-dei-santi-cosma-e-damiano-2026\/\" class=\"_self pt-cv-href-thumbnail pt-cv-thumb-default\" target=\"_self\" ><img loading=\"lazy\" decoding=\"async\" width=\"300\" height=\"200\" src=\"https:\/\/i0.wp.com\/www.brattiro.net\/NEWS\/wp-content\/uploads\/2026\/08\/IMG_3149-scaled.jpg?fit=300%2C200&amp;ssl=1\" class=\"pt-cv-thumbnail\" alt=\"Santi Medici Copertina\" srcset=\"https:\/\/i0.wp.com\/www.brattiro.net\/NEWS\/wp-content\/uploads\/2026\/08\/IMG_3149-scaled.jpg?w=2560&amp;ssl=1 2560w, https:\/\/i0.wp.com\/www.brattiro.net\/NEWS\/wp-content\/uploads\/2026\/08\/IMG_3149-scaled.jpg?resize=300%2C200&amp;ssl=1 300w, https:\/\/i0.wp.com\/www.brattiro.net\/NEWS\/wp-content\/uploads\/2026\/08\/IMG_3149-scaled.jpg?resize=1024%2C683&amp;ssl=1 1024w, https:\/\/i0.wp.com\/www.brattiro.net\/NEWS\/wp-content\/uploads\/2026\/08\/IMG_3149-scaled.jpg?resize=768%2C512&amp;ssl=1 768w, https:\/\/i0.wp.com\/www.brattiro.net\/NEWS\/wp-content\/uploads\/2026\/08\/IMG_3149-scaled.jpg?resize=1536%2C1024&amp;ssl=1 1536w, https:\/\/i0.wp.com\/www.brattiro.net\/NEWS\/wp-content\/uploads\/2026\/08\/IMG_3149-scaled.jpg?resize=2048%2C1365&amp;ssl=1 2048w, https:\/\/i0.wp.com\/www.brattiro.net\/NEWS\/wp-content\/uploads\/2026\/08\/IMG_3149-scaled.jpg?resize=1200%2C800&amp;ssl=1 1200w, https:\/\/i0.wp.com\/www.brattiro.net\/NEWS\/wp-content\/uploads\/2026\/08\/IMG_3149-scaled.jpg?w=1680&amp;ssl=1 1680w\" sizes=\"auto, (max-width: 300px) 85vw, 300px\" data-attachment-id=\"1004\" data-permalink=\"https:\/\/www.brattiro.net\/NEWS\/2026\/08\/27\/tre-serate-per-la-festa-dei-santi-cosma-e-damiano-2026\/img_3149\/\" data-orig-file=\"https:\/\/i0.wp.com\/www.brattiro.net\/NEWS\/wp-content\/uploads\/2026\/08\/IMG_3149-scaled.jpg?fit=2560%2C1707&amp;ssl=1\" data-orig-size=\"2560,1707\" data-comments-opened=\"1\" data-image-meta=\"{&quot;aperture&quot;:&quot;6.3&quot;,&quot;credit&quot;:&quot;&quot;,&quot;camera&quot;:&quot;Canon EOS 2000D&quot;,&quot;caption&quot;:&quot;&quot;,&quot;created_timestamp&quot;:&quot;1758978873&quot;,&quot;copyright&quot;:&quot;&quot;,&quot;focal_length&quot;:&quot;55&quot;,&quot;iso&quot;:&quot;100&quot;,&quot;shutter_speed&quot;:&quot;0.01&quot;,&quot;title&quot;:&quot;&quot;,&quot;orientation&quot;:&quot;1&quot;,&quot;alt&quot;:&quot;&quot;}\" data-image-title=\"IMG_3149\" data-image-description=\"\" data-image-caption=\"\" data-large-file=\"https:\/\/i0.wp.com\/www.brattiro.net\/NEWS\/wp-content\/uploads\/2026\/08\/IMG_3149-scaled.jpg?fit=840%2C560&amp;ssl=1\" \/><\/a>\n<h4 class=\"pt-cv-title\"><a href=\"https:\/\/www.brattiro.net\/NEWS\/2026\/08\/27\/tre-serate-per-la-festa-dei-santi-cosma-e-damiano-2026\/\" class=\"_self\" target=\"_self\" >Tre Serate per la Festa dei Santi Cosma e Damiano 2026<\/a><\/h4>\n<div class=\"pt-cv-content\">Continua il lavoro del Comitato Festa 2026. Finalmente possiamo annunciare chi si esibir\u00e0 sul palco di Brattir\u00f2 quest\u2019anno, per ben 3 serate! La sera del 25 settembre, per la gioia dei fan e dei nostalgici, cover band di Little Tony Family! Il compianto cantautore venne a Brattir\u00f2 nel 1981 e ...<br \/><div class=\"pt-cv-rmwrap\"><a href=\"https:\/\/www.brattiro.net\/NEWS\/2026\/08\/27\/tre-serate-per-la-festa-dei-santi-cosma-e-damiano-2026\/\" class=\"_self pt-cv-readmore btn btn-success\" target=\"_self\">Leggi Tutto<\/a><\/div><\/div>\n<div class=\"pt-cv-meta-fields\"><span class=\"entry-date\"> <time datetime=\"2026-08-27T17:08:33+02:00\">27 Agosto 2026<\/time><\/span><span> \/ <\/span><span class=\"author\"> <a href=\"https:\/\/www.brattiro.net\/NEWS\/author\/mariantonietta\/\" rel=\"author\">Mariantonietta Rombol\u00e0<\/a><\/span><span> \/ <\/span><span class=\"terms\"> <a href='https:\/\/www.brattiro.net\/NEWS\/tag\/brattiro\/' title='brattiro' class='pt-cv-tax-brattiro'>brattiro<\/a>, <a href='https:\/\/www.brattiro.net\/NEWS\/tag\/concerti\/' title='concerti' class='pt-cv-tax-concerti'>concerti<\/a>, <a href='https:\/\/www.brattiro.net\/NEWS\/tag\/feste\/' title='feste' class='pt-cv-tax-feste'>feste<\/a>, <a href='https:\/\/www.brattiro.net\/NEWS\/tag\/feste-patronali\/' title='feste patronali' class='pt-cv-tax-feste-patronali'>feste patronali<\/a>, <a href='https:\/\/www.brattiro.net\/NEWS\/category\/senza-categoria\/' title='Senza categoria' class='pt-cv-tax-senza-categoria'>Senza categoria<\/a><\/span><span> \/ <\/span><span class=\"comments-link\"> <a href=\"https:\/\/www.brattiro.net\/NEWS\/2026\/08\/27\/tre-serate-per-la-festa-dei-santi-cosma-e-damiano-2026\/#respond\">Nessun commento<span class=\"screen-reader-text\"> su Tre Serate per la Festa dei Santi Cosma e Damiano 2026<\/span><\/a><\/span><\/div><\/div><\/div>\n<div class=\"col-md-6 col-sm-6 col-xs-12 pt-cv-content-item pt-cv-1-col\" ><div class='pt-cv-ifield'><a href=\"https:\/\/www.brattiro.net\/NEWS\/2026\/07\/31\/la-calata-dei-santi-medici-storia-di-una-tradizione\/\" class=\"_self pt-cv-href-thumbnail pt-cv-thumb-default\" target=\"_self\" ><img loading=\"lazy\" decoding=\"async\" width=\"300\" height=\"264\" src=\"https:\/\/i0.wp.com\/www.brattiro.net\/NEWS\/wp-content\/uploads\/2026\/07\/image.png?fit=300%2C264&amp;ssl=1\" class=\"pt-cv-thumbnail\" alt=\"La \u201cCalata\u201d dei Santi Medici: Storia di una Tradizione\" srcset=\"https:\/\/i0.wp.com\/www.brattiro.net\/NEWS\/wp-content\/uploads\/2026\/07\/image.png?w=510&amp;ssl=1 510w, https:\/\/i0.wp.com\/www.brattiro.net\/NEWS\/wp-content\/uploads\/2026\/07\/image.png?resize=300%2C264&amp;ssl=1 300w\" sizes=\"auto, (max-width: 300px) 85vw, 300px\" data-attachment-id=\"988\" data-permalink=\"https:\/\/www.brattiro.net\/NEWS\/2026\/07\/31\/la-calata-dei-santi-medici-storia-di-una-tradizione\/image-2\/\" data-orig-file=\"https:\/\/i0.wp.com\/www.brattiro.net\/NEWS\/wp-content\/uploads\/2026\/07\/image.png?fit=510%2C448&amp;ssl=1\" data-orig-size=\"510,448\" data-comments-opened=\"1\" data-image-meta=\"{&quot;aperture&quot;:&quot;0&quot;,&quot;credit&quot;:&quot;&quot;,&quot;camera&quot;:&quot;&quot;,&quot;caption&quot;:&quot;&quot;,&quot;created_timestamp&quot;:&quot;0&quot;,&quot;copyright&quot;:&quot;&quot;,&quot;focal_length&quot;:&quot;0&quot;,&quot;iso&quot;:&quot;0&quot;,&quot;shutter_speed&quot;:&quot;0&quot;,&quot;title&quot;:&quot;&quot;,&quot;orientation&quot;:&quot;0&quot;,&quot;alt&quot;:&quot;&quot;}\" data-image-title=\"Discesa Santi Medici Cosma e Damiano Brattir\u00f2\" data-image-description=\"&lt;p&gt;La \u201cCalata\u201d dei Santi Medici: Storia di una Tradizione&lt;\/p&gt;\n\" data-image-caption=\"&lt;p&gt;La \u201cCalata\u201d dei Santi Medici: Storia di una Tradizione&lt;\/p&gt;\n\" data-large-file=\"https:\/\/i0.wp.com\/www.brattiro.net\/NEWS\/wp-content\/uploads\/2026\/07\/image.png?fit=510%2C448&amp;ssl=1\" \/><\/a>\n<h4 class=\"pt-cv-title\"><a href=\"https:\/\/www.brattiro.net\/NEWS\/2026\/07\/31\/la-calata-dei-santi-medici-storia-di-una-tradizione\/\" class=\"_self\" target=\"_self\" >La \u201cCalata\u201d dei Santi Medici: Storia di una Tradizione<\/a><\/h4>\n<div class=\"pt-cv-content\">Il 2 agosto andr\u00e0 in scena, a Brattir\u00f2, un appuntamento divenuto ormai tradizionale e che \u00e8 considerato a tutti gli effetti il momento in cui iniziano i festeggiamenti in onore dei Santi Cosma e Damiano. Stiamo parlando della cosiddetta \u201ccalata\u201d delle statue, che vengono spostate dal loro altare, nell\u2019oratorio a ...<br \/><div class=\"pt-cv-rmwrap\"><a href=\"https:\/\/www.brattiro.net\/NEWS\/2026\/07\/31\/la-calata-dei-santi-medici-storia-di-una-tradizione\/\" class=\"_self pt-cv-readmore btn btn-success\" target=\"_self\">Leggi Tutto<\/a><\/div><\/div>\n<div class=\"pt-cv-meta-fields\"><span class=\"entry-date\"> <time datetime=\"2026-07-31T12:03:26+02:00\">31 Luglio 2026<\/time><\/span><span> \/ <\/span><span class=\"author\"> <a href=\"https:\/\/www.brattiro.net\/NEWS\/author\/eugenio\/\" rel=\"author\">Redazione<\/a><\/span><span> \/ <\/span><span class=\"terms\"> <a href='https:\/\/www.brattiro.net\/NEWS\/tag\/brattiro\/' title='brattiro' class='pt-cv-tax-brattiro'>brattiro<\/a>, <a href='https:\/\/www.brattiro.net\/NEWS\/category\/notizie\/' title='Notizie' class='pt-cv-tax-notizie'>Notizie<\/a>, <a href='https:\/\/www.brattiro.net\/NEWS\/category\/senza-categoria\/' title='Senza categoria' class='pt-cv-tax-senza-categoria'>Senza categoria<\/a>, <a href='https:\/\/www.brattiro.net\/NEWS\/tag\/sscosmaedamiano2026\/' title='sscosmaedamiano2026' class='pt-cv-tax-sscosmaedamiano2026'>sscosmaedamiano2026<\/a><\/span><span> \/ <\/span><span class=\"comments-link\"> <a href=\"https:\/\/www.brattiro.net\/NEWS\/2026\/07\/31\/la-calata-dei-santi-medici-storia-di-una-tradizione\/#respond\">Nessun commento<span class=\"screen-reader-text\"> su La \u201cCalata\u201d dei Santi Medici: Storia di una Tradizione<\/span><\/a><\/span><\/div><\/div><\/div>\n<div class=\"col-md-6 col-sm-6 col-xs-12 pt-cv-content-item pt-cv-1-col\" ><div class='pt-cv-ifield'><a href=\"https:\/\/www.brattiro.net\/NEWS\/2026\/07\/11\/informazioni-utili-sulla-festa-dei-santi-cosma-e-damiano\/\" class=\"_self pt-cv-href-thumbnail pt-cv-thumb-default\" target=\"_self\" ><\/a>\n<h4 class=\"pt-cv-title\"><a href=\"https:\/\/www.brattiro.net\/NEWS\/2026\/07\/11\/informazioni-utili-sulla-festa-dei-santi-cosma-e-damiano\/\" class=\"_self\" target=\"_self\" >Informazioni Utili sulla Festa dei Santi Cosma e Damiano<\/a><\/h4>\n<div class=\"pt-cv-content\">Il lavoro del Comitato Festa Santi Medici 2026 continua e anche noi continuiamo a collaborare con loro. La nostra pagina infatti, negli anni, \u00e8 diventata un punto di riferimento per tante persone, soprattutto riguardo la festa dei Santi Cosma e Damiano. Siamo partiti col divulgare le foto della festa e ...<br \/><div class=\"pt-cv-rmwrap\"><a href=\"https:\/\/www.brattiro.net\/NEWS\/2026\/07\/11\/informazioni-utili-sulla-festa-dei-santi-cosma-e-damiano\/\" class=\"_self pt-cv-readmore btn btn-success\" target=\"_self\">Leggi Tutto<\/a><\/div><\/div>\n<div class=\"pt-cv-meta-fields\"><span class=\"entry-date\"> <time datetime=\"2026-07-11T22:38:28+02:00\">11 Luglio 2026<\/time><\/span><span> \/ <\/span><span class=\"author\"> <a href=\"https:\/\/www.brattiro.net\/NEWS\/author\/eugenio\/\" rel=\"author\">Redazione<\/a><\/span><span> \/ <\/span><span class=\"terms\"> <a href='https:\/\/www.brattiro.net\/NEWS\/category\/notizie\/' title='Notizie' class='pt-cv-tax-notizie'>Notizie<\/a>, <a href='https:\/\/www.brattiro.net\/NEWS\/tag\/sscosmaedamiano2026\/' title='sscosmaedamiano2026' class='pt-cv-tax-sscosmaedamiano2026'>sscosmaedamiano2026<\/a><\/span><span> \/ <\/span><span class=\"comments-link\"> <a href=\"https:\/\/www.brattiro.net\/NEWS\/2026\/07\/11\/informazioni-utili-sulla-festa-dei-santi-cosma-e-damiano\/#respond\">Nessun commento<span class=\"screen-reader-text\"> su Informazioni Utili sulla Festa dei Santi Cosma e Damiano<\/span><\/a><\/span><\/div><\/div><\/div>\n<div class=\"col-md-6 col-sm-6 col-xs-12 pt-cv-content-item pt-cv-1-col\" ><div class='pt-cv-ifield'><a href=\"https:\/\/www.brattiro.net\/NEWS\/2026\/06\/05\/donazioni-online-per-la-festa-ss-cosma-e-damiano-2026-di-brattiro\/\" class=\"_self pt-cv-href-thumbnail pt-cv-thumb-default\" target=\"_self\" ><\/a>\n<h4 class=\"pt-cv-title\"><a href=\"https:\/\/www.brattiro.net\/NEWS\/2026\/06\/05\/donazioni-online-per-la-festa-ss-cosma-e-damiano-2026-di-brattiro\/\" class=\"_self\" target=\"_self\" >Donazioni Online per la Festa SS. Cosma e Damiano 2026 di Brattir\u00f2<\/a><\/h4>\n<div class=\"pt-cv-content\">Inquadra il QR code con il tuo cellulare per donare. Il Comitato Festa \u00e8 stato annunciato domenica di Pasqua e si \u00e8 subito messo all\u2019opera per l\u2019organizzazione della Festa 2026. La squadra di quest\u2019anno \u00e8 composta in larga parte da esordienti, ma anche da persone che hanno gi\u00e0 fatto parte ...<br \/><div class=\"pt-cv-rmwrap\"><a href=\"https:\/\/www.brattiro.net\/NEWS\/2026\/06\/05\/donazioni-online-per-la-festa-ss-cosma-e-damiano-2026-di-brattiro\/\" class=\"_self pt-cv-readmore btn btn-success\" target=\"_self\">Leggi Tutto<\/a><\/div><\/div>\n<div class=\"pt-cv-meta-fields\"><span class=\"entry-date\"> <time datetime=\"2026-06-05T11:55:26+02:00\">5 Giugno 2026<\/time><\/span><span> \/ <\/span><span class=\"author\"> <a href=\"https:\/\/www.brattiro.net\/NEWS\/author\/eugenio\/\" rel=\"author\">Redazione<\/a><\/span><span> \/ <\/span><span class=\"terms\"> <a href='https:\/\/www.brattiro.net\/NEWS\/tag\/brattiro\/' title='brattiro' class='pt-cv-tax-brattiro'>brattiro<\/a>, <a href='https:\/\/www.brattiro.net\/NEWS\/tag\/eventi\/' title='eventi' class='pt-cv-tax-eventi'>eventi<\/a>, <a href='https:\/\/www.brattiro.net\/NEWS\/category\/notizie\/' title='Notizie' class='pt-cv-tax-notizie'>Notizie<\/a>, <a href='https:\/\/www.brattiro.net\/NEWS\/tag\/sscosmaedamiano2026\/' title='sscosmaedamiano2026' class='pt-cv-tax-sscosmaedamiano2026'>sscosmaedamiano2026<\/a><\/span><span> \/ <\/span><span class=\"comments-link\"> <a href=\"https:\/\/www.brattiro.net\/NEWS\/2026\/06\/05\/donazioni-online-per-la-festa-ss-cosma-e-damiano-2026-di-brattiro\/#respond\">Nessun commento<span class=\"screen-reader-text\"> su Donazioni Online per la Festa SS. Cosma e Damiano 2026 di Brattir\u00f2<\/span><\/a><\/span><\/div><\/div><\/div>\n<div class=\"col-md-6 col-sm-6 col-xs-12 pt-cv-content-item pt-cv-1-col\" ><div class='pt-cv-ifield'><a href=\"https:\/\/www.brattiro.net\/NEWS\/2024\/10\/02\/resoconto-festa-ss-cosma-e-damiano-2024\/\" class=\"_self pt-cv-href-thumbnail pt-cv-thumb-default\" target=\"_self\" ><\/a>\n<h4 class=\"pt-cv-title\"><a href=\"https:\/\/www.brattiro.net\/NEWS\/2024\/10\/02\/resoconto-festa-ss-cosma-e-damiano-2024\/\" class=\"_self\" target=\"_self\" >Resoconto Festa SS Cosma e Damiano 2024<\/a><\/h4>\n<div class=\"pt-cv-content\">E' stata una festa degna di nota quella di quest'anno. Tutto \u00e8 andato per il verso giusto, favorito anche dalle condizioni climatiche molto buone.E' doveroso fare i complimenti al comitato festa 2024, che con dedizione ed impegno ha reso la festa ben organizzata in tutti gli aspetti, per una riuscita ...<br \/><div class=\"pt-cv-rmwrap\"><a href=\"https:\/\/www.brattiro.net\/NEWS\/2024\/10\/02\/resoconto-festa-ss-cosma-e-damiano-2024\/\" class=\"_self pt-cv-readmore btn btn-success\" target=\"_self\">Leggi Tutto<\/a><\/div><\/div>\n<div class=\"pt-cv-meta-fields\"><span class=\"entry-date\"> <time datetime=\"2024-10-02T10:52:59+02:00\">2 Ottobre 2024<\/time><\/span><span> \/ <\/span><span class=\"author\"> <a href=\"https:\/\/www.brattiro.net\/NEWS\/author\/eugenio\/\" rel=\"author\">Redazione<\/a><\/span><span> \/ <\/span><span class=\"terms\"> <a href='https:\/\/www.brattiro.net\/NEWS\/tag\/cosmaedamiano\/' title='cosmaedamiano' class='pt-cv-tax-cosmaedamiano'>cosmaedamiano<\/a>, <a href='https:\/\/www.brattiro.net\/NEWS\/category\/notizie\/' title='Notizie' class='pt-cv-tax-notizie'>Notizie<\/a>, <a href='https:\/\/www.brattiro.net\/NEWS\/tag\/santimedici\/' title='santimedici' class='pt-cv-tax-santimedici'>santimedici<\/a>, <a href='https:\/\/www.brattiro.net\/NEWS\/tag\/sscosmaedamiano\/' title='sscosmaedamiano' class='pt-cv-tax-sscosmaedamiano'>sscosmaedamiano<\/a><\/span><span> \/ <\/span><span class=\"comments-link\"> <a href=\"https:\/\/www.brattiro.net\/NEWS\/2024\/10\/02\/resoconto-festa-ss-cosma-e-damiano-2024\/#respond\">Nessun commento<span class=\"screen-reader-text\"> su Resoconto Festa SS Cosma e Damiano 2024<\/span><\/a><\/span><\/div><\/div><\/div>\n<div class=\"col-md-6 col-sm-6 col-xs-12 pt-cv-content-item pt-cv-1-col\" ><div class='pt-cv-ifield'><a href=\"https:\/\/www.brattiro.net\/NEWS\/2024\/09\/28\/estrazione-biglietti-festa-ss-cosma-e-damiano-27-09-2024\/\" class=\"_self pt-cv-href-thumbnail pt-cv-thumb-default\" target=\"_self\" ><\/a>\n<h4 class=\"pt-cv-title\"><a href=\"https:\/\/www.brattiro.net\/NEWS\/2024\/09\/28\/estrazione-biglietti-festa-ss-cosma-e-damiano-27-09-2024\/\" class=\"_self\" target=\"_self\" >Estrazione Biglietti Festa SS Cosma e Damiano &#8211; 27\/09\/2024<\/a><\/h4>\n<div class=\"pt-cv-content\">BIGLIETTI ESTRATTI Primo premio: SERIE D N\u00b0 166 Secondo premio: SERIE B N\u00b0 426 Terzo premio: SERIE Z N\u00b0 3044 BIGLIETTI BONUS Primo premio: N\u00b0 256 Secondo premio: N\u00b0 210 Terzo premio: N\u00b0 27 Quarto premio: N\u00b0 44 ...<br \/><div class=\"pt-cv-rmwrap\"><a href=\"https:\/\/www.brattiro.net\/NEWS\/2024\/09\/28\/estrazione-biglietti-festa-ss-cosma-e-damiano-27-09-2024\/\" class=\"_self pt-cv-readmore btn btn-success\" target=\"_self\">Leggi Tutto<\/a><\/div><\/div>\n<div class=\"pt-cv-meta-fields\"><span class=\"entry-date\"> <time datetime=\"2024-09-28T16:14:52+02:00\">28 Settembre 2024<\/time><\/span><span> \/ <\/span><span class=\"author\"> <a href=\"https:\/\/www.brattiro.net\/NEWS\/author\/eugenio\/\" rel=\"author\">Redazione<\/a><\/span><span> \/ <\/span><span class=\"terms\"> <a href='https:\/\/www.brattiro.net\/NEWS\/category\/senza-categoria\/' title='Senza categoria' class='pt-cv-tax-senza-categoria'>Senza categoria<\/a>, <a href='https:\/\/www.brattiro.net\/NEWS\/tag\/sscosmaedamiano\/' title='sscosmaedamiano' class='pt-cv-tax-sscosmaedamiano'>sscosmaedamiano<\/a><\/span><span> \/ <\/span><span class=\"comments-link\"> <a href=\"https:\/\/www.brattiro.net\/NEWS\/2024\/09\/28\/estrazione-biglietti-festa-ss-cosma-e-damiano-27-09-2024\/#respond\">Nessun commento<span class=\"screen-reader-text\"> su Estrazione Biglietti Festa SS Cosma e Damiano &#8211; 27\/09\/2024<\/span><\/a><\/span><\/div><\/div><\/div>\n<div class=\"col-md-6 col-sm-6 col-xs-12 pt-cv-content-item pt-cv-1-col\" ><div class='pt-cv-ifield'><a href=\"https:\/\/www.brattiro.net\/NEWS\/2024\/04\/24\/veleggiata-tropea-2024\/\" class=\"_self pt-cv-href-thumbnail pt-cv-thumb-default\" target=\"_self\" ><\/a>\n<h4 class=\"pt-cv-title\"><a href=\"https:\/\/www.brattiro.net\/NEWS\/2024\/04\/24\/veleggiata-tropea-2024\/\" class=\"_self\" target=\"_self\" >VELEGGIATA TROPEA 2024<\/a><\/h4>\n<div class=\"pt-cv-content\">Per il secondo anno consecutivo il 28\/04\/2024 Tropea sar\u00e0 protagonista dell\u2019evento \u201cVeleggiata per l\u2019Ambiente\u201d. Undici sono le sezioni Fidapa BPW Italy (Acri, Amantea, Cosenza, Piana di Palmi, Paola, Rende, Soveria Mannelli, Spezzano Albanese, Tropea, Valle del Savuto, Vibo Valentia) che partecipano alla settimana verde di Ambiente Mare Italia.L\u2019iniziativa viene promossa ...<br \/><div class=\"pt-cv-rmwrap\"><a href=\"https:\/\/www.brattiro.net\/NEWS\/2024\/04\/24\/veleggiata-tropea-2024\/\" class=\"_self pt-cv-readmore btn btn-success\" target=\"_self\">Leggi Tutto<\/a><\/div><\/div>\n<div class=\"pt-cv-meta-fields\"><span class=\"entry-date\"> <time datetime=\"2024-04-24T17:28:50+02:00\">24 Aprile 2024<\/time><\/span><span> \/ <\/span><span class=\"author\"> <a href=\"https:\/\/www.brattiro.net\/NEWS\/author\/eugenio\/\" rel=\"author\">Redazione<\/a><\/span><span> \/ <\/span><span class=\"terms\"> <a href='https:\/\/www.brattiro.net\/NEWS\/category\/senza-categoria\/' title='Senza categoria' class='pt-cv-tax-senza-categoria'>Senza categoria<\/a><\/span><span> \/ <\/span><span class=\"comments-link\"> <a href=\"https:\/\/www.brattiro.net\/NEWS\/2024\/04\/24\/veleggiata-tropea-2024\/#respond\">Nessun commento<span class=\"screen-reader-text\"> su VELEGGIATA TROPEA 2024<\/span><\/a><\/span><\/div><\/div><\/div>\n<div class=\"col-md-6 col-sm-6 col-xs-12 pt-cv-content-item pt-cv-1-col\" ><div class='pt-cv-ifield'><a href=\"https:\/\/www.brattiro.net\/NEWS\/2023\/09\/29\/estrazione-biglietti-vincenti-festa-ss-cosma-e-damiano-2023\/\" class=\"_self pt-cv-href-thumbnail pt-cv-thumb-default\" target=\"_self\" ><\/a>\n<h4 class=\"pt-cv-title\"><a href=\"https:\/\/www.brattiro.net\/NEWS\/2023\/09\/29\/estrazione-biglietti-vincenti-festa-ss-cosma-e-damiano-2023\/\" class=\"_self\" target=\"_self\" >Estrazione biglietti vincenti festa SS. Cosma e Damiano 2023<\/a><\/h4>\n<div class=\"pt-cv-content\">27\/09\/2023 ore 21:45 Oltre al video della riffa, per completezza pubblichiamo anche i biglietti vincenti: Primo premio: serie Z n. 2259 - Chiara Contura (il cognome non si legge bene, ma l'importante \u00e8 che il numero del biglietto corrisponda) Secondo premio: Serie F n. 860 - Franco Michele Torino Terzo ...<br \/><div class=\"pt-cv-rmwrap\"><a href=\"https:\/\/www.brattiro.net\/NEWS\/2023\/09\/29\/estrazione-biglietti-vincenti-festa-ss-cosma-e-damiano-2023\/\" class=\"_self pt-cv-readmore btn btn-success\" target=\"_self\">Leggi Tutto<\/a><\/div><\/div>\n<div class=\"pt-cv-meta-fields\"><span class=\"entry-date\"> <time datetime=\"2023-09-29T12:19:10+02:00\">29 Settembre 2023<\/time><\/span><span> \/ <\/span><span class=\"author\"> <a href=\"https:\/\/www.brattiro.net\/NEWS\/author\/eugenio\/\" rel=\"author\">Redazione<\/a><\/span><span> \/ <\/span><span class=\"terms\"> <a href='https:\/\/www.brattiro.net\/NEWS\/category\/senza-categoria\/' title='Senza categoria' class='pt-cv-tax-senza-categoria'>Senza categoria<\/a>, <a href='https:\/\/www.brattiro.net\/NEWS\/tag\/sscosmaedamiano\/' title='sscosmaedamiano' class='pt-cv-tax-sscosmaedamiano'>sscosmaedamiano<\/a><\/span><span> \/ <\/span><span class=\"comments-link\"> <a href=\"https:\/\/www.brattiro.net\/NEWS\/2023\/09\/29\/estrazione-biglietti-vincenti-festa-ss-cosma-e-damiano-2023\/#respond\">Nessun commento<span class=\"screen-reader-text\"> su Estrazione biglietti vincenti festa SS. Cosma e Damiano 2023<\/span><\/a><\/span><\/div><\/div><\/div>\n<div class=\"col-md-6 col-sm-6 col-xs-12 pt-cv-content-item pt-cv-1-col\" ><div class='pt-cv-ifield'><a href=\"https:\/\/www.brattiro.net\/NEWS\/2022\/12\/28\/cu-nu-scornu-si-campa-nu-jornu\/\" class=\"_self pt-cv-href-thumbnail pt-cv-thumb-default\" target=\"_self\" ><\/a>\n<h4 class=\"pt-cv-title\"><a href=\"https:\/\/www.brattiro.net\/NEWS\/2022\/12\/28\/cu-nu-scornu-si-campa-nu-jornu\/\" class=\"_self\" target=\"_self\" >&#8220;Cu nu scornu si campa nu jornu&#8221;<\/a><\/h4>\n<div class=\"pt-cv-content\">Commedia teatrale realizzata ed interpretata dalla compagnia teatrale di Brattir\u00f2. Video: https:\/\/fb.watch\/hH1Vj6V5AE\/ ...<br \/><div class=\"pt-cv-rmwrap\"><a href=\"https:\/\/www.brattiro.net\/NEWS\/2022\/12\/28\/cu-nu-scornu-si-campa-nu-jornu\/\" class=\"_self pt-cv-readmore btn btn-success\" target=\"_self\">Leggi Tutto<\/a><\/div><\/div>\n<div class=\"pt-cv-meta-fields\"><span class=\"entry-date\"> <time datetime=\"2022-12-28T01:03:02+01:00\">28 Dicembre 2022<\/time><\/span><span> \/ <\/span><span class=\"author\"> <a href=\"https:\/\/www.brattiro.net\/NEWS\/author\/eugenio\/\" rel=\"author\">Redazione<\/a><\/span><span> \/ <\/span><span class=\"terms\"> <a href='https:\/\/www.brattiro.net\/NEWS\/category\/senza-categoria\/' title='Senza categoria' class='pt-cv-tax-senza-categoria'>Senza categoria<\/a><\/span><span> \/ <\/span><span class=\"comments-link\"> <a href=\"https:\/\/www.brattiro.net\/NEWS\/2022\/12\/28\/cu-nu-scornu-si-campa-nu-jornu\/#respond\">Nessun commento<span class=\"screen-reader-text\"> su &#8220;Cu nu scornu si campa nu jornu&#8221;<\/span><\/a><\/span><\/div><\/div><\/div>\n<div class=\"col-md-6 col-sm-6 col-xs-12 pt-cv-content-item pt-cv-1-col\" ><div class='pt-cv-ifield'><a href=\"https:\/\/www.brattiro.net\/NEWS\/2020\/09\/30\/ss-cosma-e-damiano-2020\/\" class=\"_self pt-cv-href-thumbnail pt-cv-thumb-default\" target=\"_self\" ><img loading=\"lazy\" decoding=\"async\" width=\"300\" height=\"225\" src=\"https:\/\/i0.wp.com\/www.brattiro.net\/NEWS\/wp-content\/uploads\/2020\/09\/DSCN3118-scaled.jpg?fit=300%2C225&amp;ssl=1\" class=\"pt-cv-thumbnail\" alt=\"\" srcset=\"https:\/\/i0.wp.com\/www.brattiro.net\/NEWS\/wp-content\/uploads\/2020\/09\/DSCN3118-scaled.jpg?w=2560&amp;ssl=1 2560w, https:\/\/i0.wp.com\/www.brattiro.net\/NEWS\/wp-content\/uploads\/2020\/09\/DSCN3118-scaled.jpg?resize=300%2C225&amp;ssl=1 300w, https:\/\/i0.wp.com\/www.brattiro.net\/NEWS\/wp-content\/uploads\/2020\/09\/DSCN3118-scaled.jpg?resize=1024%2C768&amp;ssl=1 1024w, https:\/\/i0.wp.com\/www.brattiro.net\/NEWS\/wp-content\/uploads\/2020\/09\/DSCN3118-scaled.jpg?resize=768%2C576&amp;ssl=1 768w, https:\/\/i0.wp.com\/www.brattiro.net\/NEWS\/wp-content\/uploads\/2020\/09\/DSCN3118-scaled.jpg?resize=1536%2C1152&amp;ssl=1 1536w, https:\/\/i0.wp.com\/www.brattiro.net\/NEWS\/wp-content\/uploads\/2020\/09\/DSCN3118-scaled.jpg?resize=2048%2C1536&amp;ssl=1 2048w, https:\/\/i0.wp.com\/www.brattiro.net\/NEWS\/wp-content\/uploads\/2020\/09\/DSCN3118-scaled.jpg?resize=1200%2C900&amp;ssl=1 1200w, https:\/\/i0.wp.com\/www.brattiro.net\/NEWS\/wp-content\/uploads\/2020\/09\/DSCN3118-scaled.jpg?w=1680&amp;ssl=1 1680w\" sizes=\"auto, (max-width: 300px) 85vw, 300px\" data-attachment-id=\"533\" data-permalink=\"https:\/\/www.brattiro.net\/NEWS\/2020\/09\/30\/ss-cosma-e-damiano-2020\/dscn3118\/\" data-orig-file=\"https:\/\/i0.wp.com\/www.brattiro.net\/NEWS\/wp-content\/uploads\/2020\/09\/DSCN3118-scaled.jpg?fit=2560%2C1920&amp;ssl=1\" data-orig-size=\"2560,1920\" data-comments-opened=\"1\" data-image-meta=\"{&quot;aperture&quot;:&quot;0&quot;,&quot;credit&quot;:&quot;&quot;,&quot;camera&quot;:&quot;&quot;,&quot;caption&quot;:&quot;&quot;,&quot;created_timestamp&quot;:&quot;0&quot;,&quot;copyright&quot;:&quot;&quot;,&quot;focal_length&quot;:&quot;0&quot;,&quot;iso&quot;:&quot;0&quot;,&quot;shutter_speed&quot;:&quot;0&quot;,&quot;title&quot;:&quot;&quot;,&quot;orientation&quot;:&quot;0&quot;}\" data-image-title=\"DSCN3118\" data-image-description=\"\" data-image-caption=\"\" data-large-file=\"https:\/\/i0.wp.com\/www.brattiro.net\/NEWS\/wp-content\/uploads\/2020\/09\/DSCN3118-scaled.jpg?fit=840%2C630&amp;ssl=1\" \/><\/a>\n<h4 class=\"pt-cv-title\"><a href=\"https:\/\/www.brattiro.net\/NEWS\/2020\/09\/30\/ss-cosma-e-damiano-2020\/\" class=\"_self\" target=\"_self\" >SS. Cosma e Damiano 2020<\/a><\/h4>\n<div class=\"pt-cv-content\">E' passata anche quest'anno la festa dei Santi Medici, che \u00e8 stata un po' diversa dal solito eppure, forse, pi\u00f9 sentita. Quest'anno, tramite la nostra #novenasocial sulle nostre pagine Facebook e Instagram, abbiamo raccontato tutte quelle tradizioni che quest'anno ci sono mancate. Partendo dalle nostre amate luminarie, quelle che danno ...<br \/><div class=\"pt-cv-rmwrap\"><a href=\"https:\/\/www.brattiro.net\/NEWS\/2020\/09\/30\/ss-cosma-e-damiano-2020\/\" class=\"_self pt-cv-readmore btn btn-success\" target=\"_self\">Leggi Tutto<\/a><\/div><\/div>\n<div class=\"pt-cv-meta-fields\"><span class=\"entry-date\"> <time datetime=\"2020-09-30T18:00:05+02:00\">30 Settembre 2020<\/time><\/span><span> \/ <\/span><span class=\"author\"> <a href=\"https:\/\/www.brattiro.net\/NEWS\/author\/mariantonietta\/\" rel=\"author\">Mariantonietta Rombol\u00e0<\/a><\/span><span> \/ <\/span><span class=\"terms\"> <a href='https:\/\/www.brattiro.net\/NEWS\/category\/storie\/' title='Storie' class='pt-cv-tax-storie'>Storie<\/a><\/span><span> \/ <\/span><span class=\"comments-link\"> <a href=\"https:\/\/www.brattiro.net\/NEWS\/2020\/09\/30\/ss-cosma-e-damiano-2020\/#respond\">Nessun commento<span class=\"screen-reader-text\"> su SS. Cosma e Damiano 2020<\/span><\/a><\/span><\/div><\/div><\/div><\/div><\/div><\/div>\n","protected":false},"excerpt":{"rendered":"","protected":false},"author":1,"featured_media":0,"parent":0,"menu_order":0,"comment_status":"closed","ping_status":"closed","template":"","meta":{"advanced_seo_description":"","jetpack_seo_html_title":"","jetpack_seo_noindex":false,"jetpack_seo_schema_type":"","ngg_post_thumbnail":0,"footnotes":""},"class_list":["post-150","page","type-page","status-publish","hentry"],"jetpack_sharing_enabled":true,"jetpack_shortlink":"https:\/\/wp.me\/P9SAok-2q","jetpack-related-posts":[],"jetpack_likes_enabled":true,"_links":{"self":[{"href":"https:\/\/www.brattiro.net\/NEWS\/wp-json\/wp\/v2\/pages\/150","targetHints":{"allow":["GET"]}}],"collection":[{"href":"https:\/\/www.brattiro.net\/NEWS\/wp-json\/wp\/v2\/pages"}],"about":[{"href":"https:\/\/www.brattiro.net\/NEWS\/wp-json\/wp\/v2\/types\/page"}],"author":[{"embeddable":true,"href":"https:\/\/www.brattiro.net\/NEWS\/wp-json\/wp\/v2\/users\/1"}],"replies":[{"embeddable":true,"href":"https:\/\/www.brattiro.net\/NEWS\/wp-json\/wp\/v2\/comments?post=150"}],"version-history":[{"count":2,"href":"https:\/\/www.brattiro.net\/NEWS\/wp-json\/wp\/v2\/pages\/150\/revisions"}],"predecessor-version":[{"id":153,"href":"https:\/\/www.brattiro.net\/NEWS\/wp-json\/wp\/v2\/pages\/150\/revisions\/153"}],"wp:attachment":[{"href":"https:\/\/www.brattiro.net\/NEWS\/wp-json\/wp\/v2\/media?parent=150"}],"curies":[{"name":"wp","href":"https:\/\/api.w.org\/{rel}","templated":true}]}}